{"id":5122,"date":"2025-05-17T18:29:40","date_gmt":"2025-05-17T16:29:40","guid":{"rendered":"https:\/\/procapgrischun.ch\/?post_type=tribe_events&#038;p=5122"},"modified":"2025-05-23T12:32:46","modified_gmt":"2025-05-23T10:32:46","slug":"badeplausch-in-pontresina","status":"publish","type":"tribe_events","link":"https:\/\/procapgrischun.ch\/RO\/event\/badeplausch-in-pontresina\/","title":{"rendered":"Badeplausch in Pontresina"},"content":{"rendered":"<p><b><span data-contrast=\"auto\">Am Mittwoch, 28. Mai 2025 findet der Badeplausch in der Bellavita in Pontresina statt. <\/span><\/b><span data-ccp-props=\"{&quot;335551550&quot;:6,&quot;335551620&quot;:6}\">\u00a0<\/span><\/p>\n<p><span data-contrast=\"auto\">Die Regionalstelle S\u00fcdb\u00fcnden l\u00e4dt zum traditionellen Badetag ein.\u00a0<\/span><span data-ccp-props=\"{}\">\u00a0<\/span><\/p>\n<p><span data-contrast=\"auto\">Machen Sie diesen Tag zu Ihrer Quelle f\u00fcr Spass und Wohlbefinden. Im grossz\u00fcgigen Wasser- und Sportzentrum Bellavita in Pontresina k\u00f6nnen Sie sportlich und gesundheitlich aus dem Vollen sch\u00f6pfen!<\/span><span data-ccp-props=\"{&quot;335551550&quot;:6,&quot;335551620&quot;:6}\">\u00a0<\/span><\/p>\n<p><span data-contrast=\"auto\">Die Teilnehmerzahl ist auf 30 Personen beschr\u00e4nkt, weshalb sich das Angebot prim\u00e4r an alle Aktivmitglieder, Helferinnen und Helfer sowie an weitere Menschen mit Handicap richtet. Es werden aber auch gerne die Anmeldungen von Solidarmitgliedern ber\u00fccksichtigt, soweit es die Teilnehmerzahl zul\u00e4sst.\u00a0<\/span><span data-ccp-props=\"{&quot;335551550&quot;:6,&quot;335551620&quot;:6}\">\u00a0<\/span><\/p>\n<p><span data-contrast=\"auto\">Bitte beachten Sie, dass die Kapazit\u00e4t des Bades eine beschr\u00e4nkte Anzahl Teilnehmerinnen und Teilnehmer aufnehmen kann. Wir haben den Anlass in zwei Gruppen aufgeteilt.\u00a0<\/span><span data-ccp-props=\"{&quot;335551550&quot;:6,&quot;335551620&quot;:6}\">\u00a0<\/span><\/p>\n<p><b><span data-contrast=\"auto\">Programm<\/span><\/b><span data-contrast=\"auto\">:<\/span><span data-ccp-props=\"{&quot;335551550&quot;:6,&quot;335551620&quot;:6}\">\u00a0<\/span><\/p>\n<ol>\n<li><b><\/b> <b><span data-contrast=\"auto\">Gruppe<\/span><\/b><\/li>\n<\/ol>\n<p><span data-contrast=\"auto\">09:30 \u2013 12:00 Uhr: Baden<\/span><span data-ccp-props=\"{&quot;335551550&quot;:6,&quot;335551620&quot;:6}\">\u00a0<\/span><\/p>\n<p><span data-contrast=\"auto\">12:00 \u2013 13:15 Uhr: Mittagessen<\/span><span data-ccp-props=\"{&quot;335551550&quot;:6,&quot;335551620&quot;:6}\">\u00a0<\/span><\/p>\n<p><span data-contrast=\"auto\">13:30<\/span> <span data-contrast=\"auto\">Abschied Gruppe 1<\/span><span data-ccp-props=\"{&quot;335551550&quot;:6,&quot;335551620&quot;:6}\">\u00a0<\/span><\/p>\n<p><span data-ccp-props=\"{&quot;335551550&quot;:6,&quot;335551620&quot;:6}\">\u00a0<\/span><\/p>\n<ol start=\"2\">\n<li><b><\/b> <b><span data-contrast=\"auto\">Gruppe<\/span><\/b><\/li>\n<\/ol>\n<p><span data-contrast=\"auto\">11:00 \u2013 12:00: Mittagessen<\/span><span data-ccp-props=\"{&quot;335551550&quot;:6,&quot;335551620&quot;:6}\">\u00a0<\/span><\/p>\n<p><span data-contrast=\"auto\">12:00 \u2013 14:30: Baden<\/span><span data-ccp-props=\"{&quot;335551550&quot;:6,&quot;335551620&quot;:6}\">\u00a0<\/span><\/p>\n<p><span data-contrast=\"auto\">15:00 Uhr<\/span> <span data-contrast=\"auto\">Verabschiedung Gruppe 2<\/span><span data-ccp-props=\"{&quot;335551550&quot;:6,&quot;335551620&quot;:6}\">\u00a0<\/span><\/p>\n<p><b><span data-contrast=\"auto\">Wann<\/span><\/b><span data-contrast=\"auto\">: Mittwoch, 28. Mai 2025; <\/span><b><span data-contrast=\"auto\">Zeit<\/span><\/b><span data-contrast=\"auto\">: 09:30 \u2013 ca. 15:00 Uhr; <\/span><b><span data-contrast=\"auto\">Wo<\/span><\/b><span data-contrast=\"auto\">: Badeanstalt Bellavita Pontresina; <\/span><b><span data-contrast=\"auto\">Kosten<\/span><\/b><span data-contrast=\"auto\">: Aktivmitglieder gratis.-; Solidarmitglieder gratis; Nichtmitglieder CHF 30.-; <\/span><b><span data-contrast=\"auto\">Anmeldung:<\/span><\/b><span data-contrast=\"auto\"> Regionalstelle S\u00fcdb\u00fcnden, 081 253 07 88 oder <\/span><a href=\"http:\/\/www.procapgrischun.ch\/\"><span data-contrast=\"none\">www.procapgrischun.ch<\/span><\/a><span data-contrast=\"auto\">; <\/span><b><span data-contrast=\"auto\">Anmeldeschluss:<\/span><\/b><span data-contrast=\"auto\"> Donnerstag, 22. Mai 2025.<\/span><span data-ccp-props=\"{}\">\u00a0<\/span><\/p>\n<p><div class=\"caldera-grid\" id=\"caldera_form_2\" data-cf-ver=\"1.9.6\" data-cf-form-id=\"CF59b645252347b\"><div id=\"caldera_notices_2\" data-spinner=\"https:\/\/procapgrischun.ch\/wp-admin\/images\/spinner.gif\"><\/div><form data-instance=\"2\" class=\"CF59b645252347b caldera_forms_form cfajax-trigger\" method=\"POST\" enctype=\"multipart\/form-data\" id=\"CF59b645252347b_2\" data-form-id=\"CF59b645252347b\" aria-label=\"Anmeldeformular DAVIDE COMPAGNONI\" data-target=\"#caldera_notices_2\" data-template=\"#cfajax_CF59b645252347b-tmpl\" data-cfajax=\"CF59b645252347b\" data-load-element=\"_parent\" data-load-class=\"cf_processing\" data-post-disable=\"0\" data-action=\"cf_process_ajax_submit\" data-request=\"https:\/\/procapgrischun.ch\/RO\/cf-api\/CF59b645252347b\" data-hiderows=\"true\">\r\n<input type=\"hidden\" id=\"_cf_verify_CF59b645252347b\" name=\"_cf_verify\" value=\"a20b1a562e\"  data-nonce-time=\"1777802870\" \/><input type=\"hidden\" name=\"_wp_http_referer\" value=\"\/RO\/wp-json\/wp\/v2\/tribe_events\/5122\" \/><div id=\"cf2-CF59b645252347b_2\"><\/div><input type=\"hidden\" name=\"_cf_frm_id\" value=\"CF59b645252347b\">\r\n<input type=\"hidden\" name=\"_cf_frm_ct\" value=\"2\">\r\n<input type=\"hidden\" name=\"cfajax\" value=\"CF59b645252347b\">\r\n<input type=\"hidden\" name=\"_cf_cr_pst\" value=\"5122\">\r\n<div class=\"hide\" style=\"display:none; overflow:hidden;height:0;width:0;\">\r\n<label>Company<\/label><input type=\"text\" name=\"company\" value=\"\" autocomplete=\"off\">\r\n<\/div><div id=\"CF59b645252347b_2-row-1\"  class=\"row  first_row\"><div  class=\"col-sm-12  single\"><div class=\"\"><p><strong>Anmeldeformular<\/strong><\/p>\n<\/div><\/div><\/div><div id=\"CF59b645252347b_2-row-2\"  class=\"row \"><div  class=\"col-sm-6  first_col\"><div data-field-wrapper=\"fld_8471314\" class=\"form-group\" id=\"fld_8471314_2-wrap\">\r\n\t<label id=\"fld_8471314Label\" for=\"fld_8471314_2\" class=\"control-label\">Name <span aria-hidden=\"true\" role=\"presentation\" class=\"field_required\" style=\"color:#ee0000;\">*<\/span><\/label>\r\n\t<div class=\"\">\r\n\t\t<input   required type=\"text\" data-field=\"fld_8471314\" class=\" form-control\" id=\"fld_8471314_2\" name=\"fld_8471314\" value=\"\" data-type=\"text\" aria-required=\"true\"   aria-labelledby=\"fld_8471314Label\" >\t\t\t<\/div>\r\n<\/div>\r\n<div data-field-wrapper=\"fld_3710284\" class=\"form-group\" id=\"fld_3710284_2-wrap\">\r\n\t<label id=\"fld_3710284Label\" for=\"fld_3710284_2\" class=\"control-label\">Vorname <span aria-hidden=\"true\" role=\"presentation\" class=\"field_required\" style=\"color:#ee0000;\">*<\/span><\/label>\r\n\t<div class=\"\">\r\n\t\t<input   required type=\"text\" data-field=\"fld_3710284\" class=\" form-control\" id=\"fld_3710284_2\" name=\"fld_3710284\" value=\"\" data-type=\"text\" aria-required=\"true\"   aria-labelledby=\"fld_3710284Label\" >\t\t\t<\/div>\r\n<\/div>\r\n<div data-field-wrapper=\"fld_8734124\" class=\"form-group\" id=\"fld_8734124_2-wrap\">\r\n\t<label id=\"fld_8734124Label\" for=\"fld_8734124_2\" class=\"control-label\">Strasse & Nr. <span aria-hidden=\"true\" role=\"presentation\" class=\"field_required\" style=\"color:#ee0000;\">*<\/span><\/label>\r\n\t<div class=\"\">\r\n\t\t<input   required type=\"text\" data-field=\"fld_8734124\" class=\" form-control\" id=\"fld_8734124_2\" name=\"fld_8734124\" value=\"\" data-type=\"text\" aria-required=\"true\"   aria-labelledby=\"fld_8734124Label\" >\t\t\t<\/div>\r\n<\/div>\r\n<div data-field-wrapper=\"fld_2004630\" class=\"form-group\" id=\"fld_2004630_2-wrap\">\r\n\t<label id=\"fld_2004630Label\" for=\"fld_2004630_2\" class=\"control-label\">PLZ \/ Ort <span aria-hidden=\"true\" role=\"presentation\" class=\"field_required\" style=\"color:#ee0000;\">*<\/span><\/label>\r\n\t<div class=\"\">\r\n\t\t<input   required type=\"text\" data-field=\"fld_2004630\" class=\" form-control\" id=\"fld_2004630_2\" name=\"fld_2004630\" value=\"\" data-type=\"text\" aria-required=\"true\"   aria-labelledby=\"fld_2004630Label\" >\t\t\t<\/div>\r\n<\/div>\r\n<div data-field-wrapper=\"fld_6930243\" class=\"form-group\" id=\"fld_6930243_2-wrap\">\r\n\t<label id=\"fld_6930243Label\" for=\"fld_6930243_2\" class=\"control-label\">Bemerkungen<\/label>\r\n\t<div class=\"\">\r\n\t\t<textarea name=\"fld_6930243\" value=\"\" data-field=\"fld_6930243\" class=\"form-control\" id=\"fld_6930243_2\" rows=\"4\"    aria-labelledby=\"fld_6930243Label\" aria-describedby=\"fld_6930243Caption\" ><\/textarea>\n\t\t<span id=\"fld_6930243Caption\" class=\"help-block\">Bitte zus\u00e4tzliche Personen im Bemerkungsfeld mit Vornamen und Namen auff\u00fchren<\/span>\r\n\t<\/div>\r\n<\/div>\r\n<\/div><div  class=\"col-sm-6  last_col\"><div data-field-wrapper=\"fld_1954491\" class=\"form-group\" id=\"fld_1954491_2-wrap\">\r\n\t<label id=\"fld_1954491Label\" for=\"fld_1954491_2\" class=\"control-label\">E-Mail <span aria-hidden=\"true\" role=\"presentation\" class=\"field_required\" style=\"color:#ee0000;\">*<\/span><\/label>\r\n\t<div class=\"\">\r\n\t\t<input   required type=\"email\" data-field=\"fld_1954491\" class=\" form-control\" id=\"fld_1954491_2\" name=\"fld_1954491\" value=\"\" data-type=\"email\" aria-required=\"true\"   aria-labelledby=\"fld_1954491Label\" >\t\t\t<\/div>\r\n<\/div>\r\n<div data-field-wrapper=\"fld_1336829\" class=\"form-group\" id=\"fld_1336829_2-wrap\">\r\n\t<label id=\"fld_1336829Label\" for=\"fld_1336829_2\" class=\"control-label\">Telefon <span aria-hidden=\"true\" role=\"presentation\" class=\"field_required\" style=\"color:#ee0000;\">*<\/span><\/label>\r\n\t<div class=\"\">\r\n\t\t<input   required type=\"text\" data-field=\"fld_1336829\" class=\" form-control\" id=\"fld_1336829_2\" name=\"fld_1336829\" value=\"\" data-type=\"text\" aria-required=\"true\"   aria-labelledby=\"fld_1336829Label\" >\t\t\t<\/div>\r\n<\/div>\r\n<div data-field-wrapper=\"fld_9612802\" class=\"form-group\" id=\"fld_9612802_2-wrap\">\r\n\t<label id=\"fld_9612802Label\" for=\"fld_9612802_2\" class=\"control-label\">Rollstuhl<\/label>\r\n\t<div class=\"\">\r\n\t\t\t\t\t\t\n                <label  class=\"checkbox-inline\"                        for=\"fld_9612802_2_opt1465335\"\n                >\n                            <input\n                                                                type=\"checkbox\"\n                                data-label=\"Ja\"\n                                data-field=\"fld_9612802\"\n                                id=\"fld_9612802_2_opt1465335\"\n                                class=\"fld_9612802_2\"\n                                name=\"fld_9612802[opt1465335]\"\n                                value=\"Ja\"\n                                                                data-type=\"checkbox\"\n                                data-checkbox-field=\"fld_9612802_2\"\n                                                                data-calc-value=\"Ja\"\n                            >\n                    Ja                <\/label>\n\n                \t\t\t\t\t\t\t\t\n                <label  class=\"checkbox-inline\"                        for=\"fld_9612802_2_opt1063963\"\n                >\n                            <input\n                                                                type=\"checkbox\"\n                                data-label=\"Nein\"\n                                data-field=\"fld_9612802\"\n                                id=\"fld_9612802_2_opt1063963\"\n                                class=\"fld_9612802_2\"\n                                name=\"fld_9612802[opt1063963]\"\n                                value=\"Nein\"\n                                                                data-type=\"checkbox\"\n                                data-checkbox-field=\"fld_9612802_2\"\n                                                                data-calc-value=\"Nein\"\n                            >\n                    Nein                <\/label>\n\n                \t\t\t\t\t\t\t<\/div>\r\n<\/div>\r\n<\/div><\/div><div id=\"CF59b645252347b_2-row-3\"  class=\"row  last_row\"><div  class=\"col-sm-6  first_col\"><div data-field-wrapper=\"fld_5697134\" class=\"form-group\" id=\"fld_5697134_2-wrap\">\r\n<div class=\"\">\r\n\t<input  class=\"btn btn-default\" type=\"submit\" name=\"fld_5697134\" id=\"fld_5697134_2\" value=\"Senden\" data-field=\"fld_5697134\"  >\n<\/div>\r\n<\/div>\r\n\t<input class=\"button_trigger_2\" type=\"hidden\" name=\"fld_5697134\" id=\"fld_5697134_2_btn\" value=\"\" data-field=\"fld_5697134\"  \/>\n<\/div><div  class=\"col-sm-6  last_col\"><\/div><\/div><\/form>\r\n<\/div>\r\n<\/p>","protected":false},"excerpt":{"rendered":"<p>Am Mittwoch, 28. Mai 2025 findet der Badeplausch in der Bellavita in Pontresina statt. \u00a0 Die Regionalstelle S\u00fcdb\u00fcnden l\u00e4dt zum traditionellen Badetag ein.\u00a0\u00a0 Machen Sie diesen Tag zu Ihrer Quelle&#8230;  <a class=\"excerpt-read-more\" href=\"https:\/\/procapgrischun.ch\/RO\/event\/badeplausch-in-pontresina\/\" title=\"Read Badeplausch in Pontresina\">Cite\u0219te mai mult &raquo;<\/a><\/p>\n","protected":false},"author":5,"featured_media":1217,"template":"","meta":{"_acf_changed":false,"_tribe_events_status":"","_tribe_events_status_reason":"","footnotes":""},"tags":[],"tribe_events_cat":[24],"class_list":["post-5122","tribe_events","type-tribe_events","status-publish","has-post-thumbnail","hentry","tribe_events_cat-ausfluege","cat_ausfluege"],"acf":[],"aioseo_notices":[],"_links":{"self":[{"href":"https:\/\/procapgrischun.ch\/RO\/wp-json\/wp\/v2\/tribe_events\/5122","targetHints":{"allow":["GET"]}}],"collection":[{"href":"https:\/\/procapgrischun.ch\/RO\/wp-json\/wp\/v2\/tribe_events"}],"about":[{"href":"https:\/\/procapgrischun.ch\/RO\/wp-json\/wp\/v2\/types\/tribe_events"}],"author":[{"embeddable":true,"href":"https:\/\/procapgrischun.ch\/RO\/wp-json\/wp\/v2\/users\/5"}],"version-history":[{"count":3,"href":"https:\/\/procapgrischun.ch\/RO\/wp-json\/wp\/v2\/tribe_events\/5122\/revisions"}],"predecessor-version":[{"id":5164,"href":"https:\/\/procapgrischun.ch\/RO\/wp-json\/wp\/v2\/tribe_events\/5122\/revisions\/5164"}],"wp:featuredmedia":[{"embeddable":true,"href":"https:\/\/procapgrischun.ch\/RO\/wp-json\/wp\/v2\/media\/1217"}],"wp:attachment":[{"href":"https:\/\/procapgrischun.ch\/RO\/wp-json\/wp\/v2\/media?parent=5122"}],"wp:term":[{"taxonomy":"post_tag","embeddable":true,"href":"https:\/\/procapgrischun.ch\/RO\/wp-json\/wp\/v2\/tags?post=5122"},{"taxonomy":"tribe_events_cat","embeddable":true,"href":"https:\/\/procapgrischun.ch\/RO\/wp-json\/wp\/v2\/tribe_events_cat?post=5122"}],"curies":[{"name":"wp","href":"https:\/\/api.w.org\/{rel}","templated":true}]}}